{"id":84,"date":"2018-11-14T10:36:29","date_gmt":"2018-11-14T10:36:29","guid":{"rendered":"http:\/\/grupodcc3000.com\/miniwebs\/?page_id=84"},"modified":"2021-05-04T09:39:37","modified_gmt":"2021-05-04T07:39:37","slug":"la-empresa","status":"publish","type":"page","link":"https:\/\/www.grupodcc3000.com\/asociado\/almacenesmoreno\/la-empresa\/","title":{"rendered":"La empresa"},"content":{"rendered":"[et_pb_section fb_built=\u00bb1&#8243; fullwidth=\u00bbon\u00bb _builder_version=\u00bb3.22&#8243;][et_pb_fullwidth_slider admin_label=\u00bbFoto seccion empresa\u00bb module_id=\u00bbslider_cortado\u00bb module_class=\u00bbslider_cortado\u00bb _builder_version=\u00bb4.9.3&#8243; hover_enabled=\u00bb0&#8243; sticky_enabled=\u00bb0&#8243;][et_pb_slide _builder_version=\u00bb4.9.3&#8243; background_color=\u00bb#8c0f0f\u00bb background_image=\u00bbhttps:\/\/www.grupodcc3000.com\/asociado\/almacenesmoreno\/wp-content\/uploads\/sites\/72\/2021\/05\/amb-boston-1.jpg\u00bb background_size=\u00bbinitial\u00bb hover_enabled=\u00bb0&#8243; sticky_transition=\u00bbon\u00bb title_text=\u00bbamb boston (1)\u00bb background_enable_image=\u00bbon\u00bb sticky_enabled=\u00bb0&#8243;][\/et_pb_slide][\/et_pb_fullwidth_slider][\/et_pb_section][et_pb_section fb_built=\u00bb1&#8243; _builder_version=\u00bb3.17.6&#8243; background_color=\u00bb#272727&#8243; custom_padding=\u00bb0px|||\u00bb animation_style=\u00bbslide\u00bb global_module=\u00bb388&#8243;][et_pb_row column_structure=\u00bb2_5,3_5&#8243; _builder_version=\u00bb3.25&#8243; custom_padding=\u00bb41px|||||\u00bb][et_pb_column type=\u00bb2_5&#8243; _builder_version=\u00bb3.25&#8243; custom_padding=\u00bb|||\u00bb custom_padding__hover=\u00bb|||\u00bb][et_pb_text _builder_version=\u00bb4.9.3&#8243;]<span style=\"color: #ffffff; font-size: 14px;\">ALMACENES  MORENO CARMONA  nace en el a\u00f1o 1966 de la mano de Antonio Moreno, con m\u00e1s de 50 a\u00f1os de experiencia en la distribuci\u00f3n de materiales en el sector de la construcci\u00f3n [Pavimentos, revestimientos, sanitarios (platos de ducha, grifer\u00edas, mamparas a medida&#8230;) herramientas y una amplia gama de productos].<\/span><\/p>\n<p><span style=\"color: #ffffff;\"><\/span><\/p>\n<p><span style=\"color: #ffffff;\">Disponen de un taller dedicado a la elaboraci\u00f3n de m\u00e1rmoles y granitos para el trabajo y venta de:<\/span><\/p>\n<ul>\n<li><span style=\"color: #ffffff;\">Encimeras de cocina<\/span><\/li>\n<li><span style=\"color: #ffffff;\">Ba\u00f1o<\/span><\/li>\n<li><span style=\"color: #ffffff;\">Escaleras<\/span><\/li>\n<li><span style=\"color: #ffffff;\">Fachadas<\/span><\/li>\n<li><span style=\"color: #ffffff;\">Z\u00f3calos<\/span><\/li>\n<\/ul>\n<p><span style=\"color: #ffffff;\">Disponemos de un taller dedicado a la elaboraci\u00f3n de m\u00e1rmoles y granitos, para el trabajo y venta de: encimeras de cocina y ba\u00f1o, escaleras, fachadas, z\u00f3calos entre otros.<\/span>[\/et_pb_text][\/et_pb_column][et_pb_column type=\u00bb3_5&#8243; _builder_version=\u00bb3.25&#8243; custom_padding=\u00bb|||\u00bb custom_padding__hover=\u00bb|||\u00bb][et_pb_image src=\u00bbhttps:\/\/www.grupodcc3000.com\/asociado\/almacenesmoreno\/wp-content\/uploads\/sites\/72\/2019\/09\/Sin-t\u00edtulo.jpg\u00bb align_tablet=\u00bbcenter\u00bb align_phone=\u00bb\u00bb align_last_edited=\u00bbon|desktop\u00bb _builder_version=\u00bb3.23&#8243; custom_padding=\u00bb|||179px||\u00bb][\/et_pb_image][\/et_pb_column][\/et_pb_row][et_pb_row column_structure=\u00bb1_2,1_2&#8243; _builder_version=\u00bb3.25&#8243;][et_pb_column type=\u00bb1_2&#8243; _builder_version=\u00bb3.25&#8243; custom_padding=\u00bb|||\u00bb custom_padding__hover=\u00bb|||\u00bb][et_pb_image src=\u00bbhttps:\/\/www.grupodcc3000.com\/asociado\/almacenesmoreno\/wp-content\/uploads\/sites\/72\/2019\/09\/Sin-t\u00edtulo3.jpg\u00bb align_tablet=\u00bbcenter\u00bb align_phone=\u00bb\u00bb align_last_edited=\u00bbon|desktop\u00bb _builder_version=\u00bb3.23&#8243;][\/et_pb_image][\/et_pb_column][et_pb_column type=\u00bb1_2&#8243; _builder_version=\u00bb3.25&#8243; custom_padding=\u00bb|||\u00bb custom_padding__hover=\u00bb|||\u00bb][et_pb_image src=\u00bbhttps:\/\/www.grupodcc3000.com\/asociado\/almacenesmoreno\/wp-content\/uploads\/sites\/72\/2019\/09\/Sin-t\u00edtulo2.jpg\u00bb align_tablet=\u00bbcenter\u00bb align_phone=\u00bb\u00bb align_last_edited=\u00bbon|desktop\u00bb _builder_version=\u00bb3.23&#8243;][\/et_pb_image][\/et_pb_column][\/et_pb_row][et_pb_row column_structure=\u00bb1_2,1_2&#8243; _builder_version=\u00bb3.25&#8243;][et_pb_column type=\u00bb1_2&#8243; _builder_version=\u00bb3.25&#8243; custom_padding=\u00bb|||\u00bb custom_padding__hover=\u00bb|||\u00bb][et_pb_image src=\u00bbhttps:\/\/www.grupodcc3000.com\/asociado\/almacenesmoreno\/wp-content\/uploads\/sites\/72\/2019\/09\/Sin-t\u00edtulo4-1.jpg\u00bb align_tablet=\u00bbcenter\u00bb align_phone=\u00bb\u00bb align_last_edited=\u00bbon|desktop\u00bb _builder_version=\u00bb3.23&#8243;][\/et_pb_image][\/et_pb_column][et_pb_column type=\u00bb1_2&#8243; _builder_version=\u00bb3.25&#8243; custom_padding=\u00bb|||\u00bb custom_padding__hover=\u00bb|||\u00bb][et_pb_image src=\u00bbhttps:\/\/www.grupodcc3000.com\/asociado\/almacenesmoreno\/wp-content\/uploads\/sites\/72\/2019\/09\/17203191_135517390306839_9112053361951015709_n.jpg\u00bb align_tablet=\u00bbcenter\u00bb align_phone=\u00bb\u00bb align_last_edited=\u00bbon|desktop\u00bb _builder_version=\u00bb3.23&#8243;][\/et_pb_image][\/et_pb_column][\/et_pb_row][et_pb_row column_structure=\u00bb1_3,1_3,1_3&#8243; _builder_version=\u00bb3.25&#8243;][et_pb_column type=\u00bb1_3&#8243; _builder_version=\u00bb3.25&#8243; custom_padding=\u00bb|||\u00bb custom_padding__hover=\u00bb|||\u00bb][et_pb_image src=\u00bbhttps:\/\/www.grupodcc3000.com\/asociado\/almacenesmoreno\/wp-content\/uploads\/sites\/72\/2019\/09\/27337055_294400164418560_3532959653880443800_n.jpg\u00bb align_tablet=\u00bbcenter\u00bb align_phone=\u00bb\u00bb align_last_edited=\u00bbon|desktop\u00bb _builder_version=\u00bb3.23&#8243;][\/et_pb_image][\/et_pb_column][et_pb_column type=\u00bb1_3&#8243; _builder_version=\u00bb3.25&#8243; custom_padding=\u00bb|||\u00bb custom_padding__hover=\u00bb|||\u00bb][et_pb_image src=\u00bbhttps:\/\/www.grupodcc3000.com\/asociado\/almacenesmoreno\/wp-content\/uploads\/sites\/72\/2019\/09\/27336584_294399997751910_784945547879146482_n.jpg\u00bb align_tablet=\u00bbcenter\u00bb align_phone=\u00bb\u00bb align_last_edited=\u00bbon|desktop\u00bb _builder_version=\u00bb3.23&#8243;][\/et_pb_image][\/et_pb_column][et_pb_column type=\u00bb1_3&#8243; _builder_version=\u00bb3.25&#8243; custom_padding=\u00bb|||\u00bb custom_padding__hover=\u00bb|||\u00bb][et_pb_image src=\u00bbhttps:\/\/www.grupodcc3000.com\/asociado\/almacenesmoreno\/wp-content\/uploads\/sites\/72\/2019\/09\/27067597_294400277751882_7046579296084003400_n.jpg\u00bb align_tablet=\u00bbcenter\u00bb align_phone=\u00bb\u00bb align_last_edited=\u00bbon|desktop\u00bb _builder_version=\u00bb3.23&#8243;][\/et_pb_image][\/et_pb_column][\/et_pb_row][\/et_pb_section]","protected":false},"excerpt":{"rendered":"<p>ALMACENES MORENO CARMONA nace en el a\u00f1o 1966 de la mano de Antonio Moreno, con m\u00e1s de 50 a\u00f1os de experiencia en la distribuci\u00f3n de materiales en el sector de la construcci\u00f3n [Pavimentos, revestimientos, sanitarios (platos de ducha, grifer\u00edas, mamparas a medida&#8230;) herramientas y una amplia gama de productos]. Disponen de un taller dedicado a [&hellip;]<\/p>\n","protected":false},"author":4,"featured_media":0,"parent":0,"menu_order":0,"comment_status":"closed","ping_status":"closed","template":"","meta":{"_et_pb_use_builder":"on","_et_pb_old_content":"","_et_gb_content_width":"","footnotes":""},"class_list":["post-84","page","type-page","status-publish","hentry"],"yoast_head":"<!-- This site is optimized with the Yoast SEO plugin v27.1.1 - https:\/\/yoast.com\/product\/yoast-seo-wordpress\/ -->\n<title>La empresa - Almacenes Moreno Carmona<\/title>\n<meta name=\"robots\" content=\"index, follow, max-snippet:-1, max-image-preview:large, max-video-preview:-1\" \/>\n<link rel=\"canonical\" href=\"https:\/\/www.grupodcc3000.com\/asociado\/almacenesmoreno\/la-empresa\/\" \/>\n<meta property=\"og:locale\" content=\"es_ES\" \/>\n<meta property=\"og:type\" content=\"article\" \/>\n<meta property=\"og:title\" content=\"La empresa - Almacenes Moreno Carmona\" \/>\n<meta property=\"og:description\" content=\"ALMACENES MORENO CARMONA nace en el a\u00f1o 1966 de la mano de Antonio Moreno, con m\u00e1s de 50 a\u00f1os de experiencia en la distribuci\u00f3n de materiales en el sector de la construcci\u00f3n [Pavimentos, revestimientos, sanitarios (platos de ducha, grifer\u00edas, mamparas a medida...) herramientas y una amplia gama de productos]. Disponen de un taller dedicado a [&hellip;]\" \/>\n<meta property=\"og:url\" content=\"https:\/\/www.grupodcc3000.com\/asociado\/almacenesmoreno\/la-empresa\/\" \/>\n<meta property=\"og:site_name\" content=\"Almacenes Moreno Carmona\" \/>\n<meta property=\"article:modified_time\" content=\"2021-05-04T07:39:37+00:00\" \/>\n<meta name=\"twitter:card\" content=\"summary_large_image\" \/>\n<meta name=\"twitter:label1\" content=\"Tiempo de lectura\" \/>\n\t<meta name=\"twitter:data1\" content=\"3 minutos\" \/>\n<script type=\"application\/ld+json\" class=\"yoast-schema-graph\">{\"@context\":\"https:\/\/schema.org\",\"@graph\":[{\"@type\":\"WebPage\",\"@id\":\"https:\/\/www.grupodcc3000.com\/asociado\/almacenesmoreno\/la-empresa\/\",\"url\":\"https:\/\/www.grupodcc3000.com\/asociado\/almacenesmoreno\/la-empresa\/\",\"name\":\"La empresa - Almacenes Moreno Carmona\",\"isPartOf\":{\"@id\":\"https:\/\/www.grupodcc3000.com\/asociado\/almacenesmoreno\/#website\"},\"datePublished\":\"2018-11-14T10:36:29+00:00\",\"dateModified\":\"2021-05-04T07:39:37+00:00\",\"breadcrumb\":{\"@id\":\"https:\/\/www.grupodcc3000.com\/asociado\/almacenesmoreno\/la-empresa\/#breadcrumb\"},\"inLanguage\":\"es\",\"potentialAction\":[{\"@type\":\"ReadAction\",\"target\":[\"https:\/\/www.grupodcc3000.com\/asociado\/almacenesmoreno\/la-empresa\/\"]}]},{\"@type\":\"BreadcrumbList\",\"@id\":\"https:\/\/www.grupodcc3000.com\/asociado\/almacenesmoreno\/la-empresa\/#breadcrumb\",\"itemListElement\":[{\"@type\":\"ListItem\",\"position\":1,\"name\":\"Portada\",\"item\":\"https:\/\/www.grupodcc3000.com\/asociado\/almacenesmoreno\/\"},{\"@type\":\"ListItem\",\"position\":2,\"name\":\"La empresa\"}]},{\"@type\":\"WebSite\",\"@id\":\"https:\/\/www.grupodcc3000.com\/asociado\/almacenesmoreno\/#website\",\"url\":\"https:\/\/www.grupodcc3000.com\/asociado\/almacenesmoreno\/\",\"name\":\"Almacenes Moreno Carmona\",\"description\":\"Otro sitio m\u00e1s de Asociados GrupoDCC3000\",\"potentialAction\":[{\"@type\":\"SearchAction\",\"target\":{\"@type\":\"EntryPoint\",\"urlTemplate\":\"https:\/\/www.grupodcc3000.com\/asociado\/almacenesmoreno\/?s={search_term_string}\"},\"query-input\":{\"@type\":\"PropertyValueSpecification\",\"valueRequired\":true,\"valueName\":\"search_term_string\"}}],\"inLanguage\":\"es\"}]}<\/script>\n<!-- \/ Yoast SEO plugin. -->","yoast_head_json":{"title":"La empresa - Almacenes Moreno Carmona","robots":{"index":"index","follow":"follow","max-snippet":"max-snippet:-1","max-image-preview":"max-image-preview:large","max-video-preview":"max-video-preview:-1"},"canonical":"https:\/\/www.grupodcc3000.com\/asociado\/almacenesmoreno\/la-empresa\/","og_locale":"es_ES","og_type":"article","og_title":"La empresa - Almacenes Moreno Carmona","og_description":"ALMACENES MORENO CARMONA nace en el a\u00f1o 1966 de la mano de Antonio Moreno, con m\u00e1s de 50 a\u00f1os de experiencia en la distribuci\u00f3n de materiales en el sector de la construcci\u00f3n [Pavimentos, revestimientos, sanitarios (platos de ducha, grifer\u00edas, mamparas a medida...) herramientas y una amplia gama de productos]. Disponen de un taller dedicado a [&hellip;]","og_url":"https:\/\/www.grupodcc3000.com\/asociado\/almacenesmoreno\/la-empresa\/","og_site_name":"Almacenes Moreno Carmona","article_modified_time":"2021-05-04T07:39:37+00:00","twitter_card":"summary_large_image","twitter_misc":{"Tiempo de lectura":"3 minutos"},"schema":{"@context":"https:\/\/schema.org","@graph":[{"@type":"WebPage","@id":"https:\/\/www.grupodcc3000.com\/asociado\/almacenesmoreno\/la-empresa\/","url":"https:\/\/www.grupodcc3000.com\/asociado\/almacenesmoreno\/la-empresa\/","name":"La empresa - Almacenes Moreno Carmona","isPartOf":{"@id":"https:\/\/www.grupodcc3000.com\/asociado\/almacenesmoreno\/#website"},"datePublished":"2018-11-14T10:36:29+00:00","dateModified":"2021-05-04T07:39:37+00:00","breadcrumb":{"@id":"https:\/\/www.grupodcc3000.com\/asociado\/almacenesmoreno\/la-empresa\/#breadcrumb"},"inLanguage":"es","potentialAction":[{"@type":"ReadAction","target":["https:\/\/www.grupodcc3000.com\/asociado\/almacenesmoreno\/la-empresa\/"]}]},{"@type":"BreadcrumbList","@id":"https:\/\/www.grupodcc3000.com\/asociado\/almacenesmoreno\/la-empresa\/#breadcrumb","itemListElement":[{"@type":"ListItem","position":1,"name":"Portada","item":"https:\/\/www.grupodcc3000.com\/asociado\/almacenesmoreno\/"},{"@type":"ListItem","position":2,"name":"La empresa"}]},{"@type":"WebSite","@id":"https:\/\/www.grupodcc3000.com\/asociado\/almacenesmoreno\/#website","url":"https:\/\/www.grupodcc3000.com\/asociado\/almacenesmoreno\/","name":"Almacenes Moreno Carmona","description":"Otro sitio m\u00e1s de Asociados GrupoDCC3000","potentialAction":[{"@type":"SearchAction","target":{"@type":"EntryPoint","urlTemplate":"https:\/\/www.grupodcc3000.com\/asociado\/almacenesmoreno\/?s={search_term_string}"},"query-input":{"@type":"PropertyValueSpecification","valueRequired":true,"valueName":"search_term_string"}}],"inLanguage":"es"}]}},"_links":{"self":[{"href":"https:\/\/www.grupodcc3000.com\/asociado\/almacenesmoreno\/wp-json\/wp\/v2\/pages\/84","targetHints":{"allow":["GET"]}}],"collection":[{"href":"https:\/\/www.grupodcc3000.com\/asociado\/almacenesmoreno\/wp-json\/wp\/v2\/pages"}],"about":[{"href":"https:\/\/www.grupodcc3000.com\/asociado\/almacenesmoreno\/wp-json\/wp\/v2\/types\/page"}],"author":[{"embeddable":true,"href":"https:\/\/www.grupodcc3000.com\/asociado\/almacenesmoreno\/wp-json\/wp\/v2\/users\/4"}],"replies":[{"embeddable":true,"href":"https:\/\/www.grupodcc3000.com\/asociado\/almacenesmoreno\/wp-json\/wp\/v2\/comments?post=84"}],"version-history":[{"count":10,"href":"https:\/\/www.grupodcc3000.com\/asociado\/almacenesmoreno\/wp-json\/wp\/v2\/pages\/84\/revisions"}],"predecessor-version":[{"id":2565,"href":"https:\/\/www.grupodcc3000.com\/asociado\/almacenesmoreno\/wp-json\/wp\/v2\/pages\/84\/revisions\/2565"}],"wp:attachment":[{"href":"https:\/\/www.grupodcc3000.com\/asociado\/almacenesmoreno\/wp-json\/wp\/v2\/media?parent=84"}],"curies":[{"name":"wp","href":"https:\/\/api.w.org\/{rel}","templated":true}]}}