{"id":84,"date":"2018-11-14T10:36:29","date_gmt":"2018-11-14T10:36:29","guid":{"rendered":"http:\/\/grupodcc3000.com\/miniwebs\/?page_id=84"},"modified":"2019-10-22T12:34:17","modified_gmt":"2019-10-22T10:34:17","slug":"la-empresa","status":"publish","type":"page","link":"https:\/\/www.grupodcc3000.com\/asociado\/comercialcallense\/la-empresa\/","title":{"rendered":"La empresa"},"content":{"rendered":"<p>[et_pb_section fb_built=\u00bb1&#8243; fullwidth=\u00bbon\u00bb _builder_version=\u00bb3.0.47&#8243;][et_pb_fullwidth_slider admin_label=\u00bbFoto seccion empresa\u00bb module_id=\u00bbslider_cortado\u00bb module_class=\u00bbslider_cortado\u00bb _builder_version=\u00bb3.18.5&#8243;][et_pb_slide _builder_version=\u00bb3.18.5&#8243; background_image=\u00bbhttps:\/\/www.grupodcc3000.com\/asociado\/comercialcallense\/wp-content\/uploads\/sites\/46\/2019\/10\/IMG_7097.jpg\u00bb background_color=\u00bb#000000&#8243;][\/et_pb_slide][\/et_pb_fullwidth_slider][\/et_pb_section][et_pb_section fb_built=\u00bb1&#8243; _builder_version=\u00bb3.17.6&#8243; background_color=\u00bb#272727&#8243; custom_padding=\u00bb0px|||\u00bb animation_style=\u00bbslide\u00bb global_module=\u00bb388&#8243;][et_pb_row _builder_version=\u00bb3.18.5&#8243;][et_pb_column type=\u00bb4_4&#8243; _builder_version=\u00bb3.18.5&#8243; parallax=\u00bboff\u00bb parallax_method=\u00bbon\u00bb][et_pb_text _builder_version=\u00bb3.18.5&#8243; text_font=\u00bb||||||||\u00bb text_text_color=\u00bb#ffffff\u00bb text_font_size=\u00bb45px\u00bb header_font=\u00bb||||||||\u00bb header_text_align=\u00bbcenter\u00bb header_text_color=\u00bb#ffffff\u00bb header_font_size=\u00bb45px\u00bb]<\/p>\n<h1><strong>EMPRESA<\/strong><\/h1>\n<p>[\/et_pb_text][\/et_pb_column][\/et_pb_row][et_pb_row _builder_version=\u00bb3.18.5&#8243;][et_pb_column type=\u00bb1_2&#8243; _builder_version=\u00bb3.18.5&#8243; parallax=\u00bboff\u00bb parallax_method=\u00bbon\u00bb][et_pb_text _builder_version=\u00bb3.18.5&#8243; text_font=\u00bb||||||||\u00bb text_text_color=\u00bb#ffffff\u00bb]Materiales de construcci\u00f3n Comercial Callense es un empresa familiar con m\u00e1s de 50 a\u00f1os de experiencia en este sector, fue fundada por Dolores Orozco Rodr\u00edguez en una cantera de piedra en los a\u00f1os 50, en los 70 pasa a dirigirla su hijo Francisco Hern\u00e1ndez Orozco y desde los a\u00f1os 90 hasta la actualidad sus hijos Antonio Hern\u00e1ndez Oca\u00f1a y M\u00aa del Pilar Hern\u00e1ndez Oca\u00f1a.<\/p>\n<p>En Comercial Callense queremos satisfacer a nuestros clientes con el compromiso, calidad, buen precio y una amplia variedad de productos para su obra por lo que no dejamos de trabajar para mejorar nuestro servicio y ahora para facilitarle las compras nos embarcamos en las nuevas tecnolog\u00edas. como p\u00e1ginas web, redes sociales\u2026.etc.<\/p>\n<p>En Comercial Callense disponemos de Cer\u00e1mica, Ba\u00f1o, Materiales de Construcci\u00f3n, Ferreter\u00eda, Bricolaje, Cubas, Derribo, Transportes\u2026etc. siempre a vuestro servicio.<\/p>\n<p>GRACIAS POR SU CONFIANZA<br \/>\n[\/et_pb_text][\/et_pb_column][et_pb_column type=\u00bb1_2&#8243; _builder_version=\u00bb3.18.5&#8243; parallax=\u00bboff\u00bb parallax_method=\u00bbon\u00bb][et_pb_image src=\u00bbhttps:\/\/www.grupodcc3000.com\/asociado\/comercialcallense\/wp-content\/uploads\/sites\/46\/2019\/05\/COMERCIAL-CALLENSE.jpg\u00bb _builder_version=\u00bb3.18.5&#8243;][\/et_pb_image][\/et_pb_column][\/et_pb_row][et_pb_row _builder_version=\u00bb3.18.5&#8243;][et_pb_column type=\u00bb1_3&#8243; _builder_version=\u00bb3.18.5&#8243; parallax=\u00bboff\u00bb parallax_method=\u00bbon\u00bb][et_pb_image src=\u00bbhttps:\/\/www.grupodcc3000.com\/asociado\/comercialcallense\/wp-content\/uploads\/sites\/46\/2019\/10\/IMG_7088.jpg\u00bb _builder_version=\u00bb3.18.5&#8243;][\/et_pb_image][\/et_pb_column][et_pb_column type=\u00bb1_3&#8243; _builder_version=\u00bb3.18.5&#8243; parallax=\u00bboff\u00bb parallax_method=\u00bbon\u00bb][et_pb_image src=\u00bbhttps:\/\/www.grupodcc3000.com\/asociado\/comercialcallense\/wp-content\/uploads\/sites\/46\/2019\/10\/IMG_7089.jpg\u00bb _builder_version=\u00bb3.18.5&#8243;][\/et_pb_image][\/et_pb_column][et_pb_column type=\u00bb1_3&#8243; _builder_version=\u00bb3.18.5&#8243; parallax=\u00bboff\u00bb parallax_method=\u00bbon\u00bb][et_pb_image src=\u00bbhttps:\/\/www.grupodcc3000.com\/asociado\/comercialcallense\/wp-content\/uploads\/sites\/46\/2019\/10\/IMG_7094.jpg\u00bb _builder_version=\u00bb3.18.5&#8243;][\/et_pb_image][\/et_pb_column][\/et_pb_row][et_pb_row _builder_version=\u00bb3.18.5&#8243;][et_pb_column type=\u00bb1_3&#8243; _builder_version=\u00bb3.18.5&#8243; parallax=\u00bboff\u00bb parallax_method=\u00bbon\u00bb][et_pb_image src=\u00bbhttps:\/\/www.grupodcc3000.com\/asociado\/comercialcallense\/wp-content\/uploads\/sites\/46\/2019\/10\/IMG_7093.jpg\u00bb _builder_version=\u00bb3.18.5&#8243;][\/et_pb_image][\/et_pb_column][et_pb_column type=\u00bb1_3&#8243; _builder_version=\u00bb3.18.5&#8243; parallax=\u00bboff\u00bb parallax_method=\u00bbon\u00bb][et_pb_image src=\u00bbhttps:\/\/www.grupodcc3000.com\/asociado\/comercialcallense\/wp-content\/uploads\/sites\/46\/2019\/10\/IMG_7090.jpg\u00bb _builder_version=\u00bb3.18.5&#8243;][\/et_pb_image][\/et_pb_column][et_pb_column type=\u00bb1_3&#8243; _builder_version=\u00bb3.18.5&#8243; parallax=\u00bboff\u00bb parallax_method=\u00bbon\u00bb][et_pb_image src=\u00bbhttps:\/\/www.grupodcc3000.com\/asociado\/comercialcallense\/wp-content\/uploads\/sites\/46\/2019\/10\/IMG_7097.jpg\u00bb _builder_version=\u00bb3.18.5&#8243;][\/et_pb_image][\/et_pb_column][\/et_pb_row][et_pb_row _builder_version=\u00bb3.18.5&#8243;][et_pb_column type=\u00bb1_3&#8243; _builder_version=\u00bb3.18.5&#8243; parallax=\u00bboff\u00bb parallax_method=\u00bbon\u00bb][et_pb_image src=\u00bbhttps:\/\/www.grupodcc3000.com\/asociado\/comercialcallense\/wp-content\/uploads\/sites\/46\/2019\/10\/IMG_7086.jpg\u00bb _builder_version=\u00bb3.18.5&#8243;][\/et_pb_image][\/et_pb_column][et_pb_column type=\u00bb1_3&#8243; _builder_version=\u00bb3.18.5&#8243; parallax=\u00bboff\u00bb parallax_method=\u00bbon\u00bb][et_pb_image src=\u00bbhttps:\/\/www.grupodcc3000.com\/asociado\/comercialcallense\/wp-content\/uploads\/sites\/46\/2019\/10\/IMG_7102.jpg\u00bb _builder_version=\u00bb3.18.5&#8243;][\/et_pb_image][\/et_pb_column][et_pb_column type=\u00bb1_3&#8243; _builder_version=\u00bb3.18.5&#8243; parallax=\u00bboff\u00bb parallax_method=\u00bbon\u00bb][et_pb_image src=\u00bbhttps:\/\/www.grupodcc3000.com\/asociado\/comercialcallense\/wp-content\/uploads\/sites\/46\/2019\/10\/IMG_7098.jpg\u00bb _builder_version=\u00bb3.18.5&#8243;][\/et_pb_image][\/et_pb_column][\/et_pb_row][\/et_pb_section]<\/p>\n","protected":false},"excerpt":{"rendered":"<p>EMPRESAMateriales de construcci\u00f3n Comercial Callense es un empresa familiar con m\u00e1s de 50 a\u00f1os de experiencia en este sector, fue fundada por Dolores Orozco Rodr\u00edguez en una cantera de piedra en los a\u00f1os 50, en los 70 pasa a dirigirla su hijo Francisco Hern\u00e1ndez Orozco y desde los a\u00f1os 90 hasta la actualidad sus hijos [&hellip;]<\/p>\n","protected":false},"author":4,"featured_media":0,"parent":0,"menu_order":0,"comment_status":"closed","ping_status":"closed","template":"","meta":{"_et_pb_use_builder":"on","_et_pb_old_content":"","_et_gb_content_width":"","footnotes":""},"class_list":["post-84","page","type-page","status-publish","hentry"],"yoast_head":"<!-- This site is optimized with the Yoast SEO plugin v27.1.1 - https:\/\/yoast.com\/product\/yoast-seo-wordpress\/ -->\n<title>La empresa - Comercial Callense<\/title>\n<meta name=\"robots\" content=\"index, follow, max-snippet:-1, max-image-preview:large, max-video-preview:-1\" \/>\n<link rel=\"canonical\" href=\"https:\/\/www.grupodcc3000.com\/asociado\/comercialcallense\/la-empresa\/\" \/>\n<meta property=\"og:locale\" content=\"es_ES\" \/>\n<meta property=\"og:type\" content=\"article\" \/>\n<meta property=\"og:title\" content=\"La empresa - Comercial Callense\" \/>\n<meta property=\"og:description\" content=\"EMPRESAMateriales de construcci\u00f3n Comercial Callense es un empresa familiar con m\u00e1s de 50 a\u00f1os de experiencia en este sector, fue fundada por Dolores Orozco Rodr\u00edguez en una cantera de piedra en los a\u00f1os 50, en los 70 pasa a dirigirla su hijo Francisco Hern\u00e1ndez Orozco y desde los a\u00f1os 90 hasta la actualidad sus hijos [&hellip;]\" \/>\n<meta property=\"og:url\" content=\"https:\/\/www.grupodcc3000.com\/asociado\/comercialcallense\/la-empresa\/\" \/>\n<meta property=\"og:site_name\" content=\"Comercial Callense\" \/>\n<meta property=\"article:modified_time\" content=\"2019-10-22T10:34:17+00:00\" \/>\n<meta name=\"twitter:card\" content=\"summary_large_image\" \/>\n<meta name=\"twitter:label1\" content=\"Tiempo de lectura\" \/>\n\t<meta name=\"twitter:data1\" content=\"3 minutos\" \/>\n<script type=\"application\/ld+json\" class=\"yoast-schema-graph\">{\"@context\":\"https:\/\/schema.org\",\"@graph\":[{\"@type\":\"WebPage\",\"@id\":\"https:\/\/www.grupodcc3000.com\/asociado\/comercialcallense\/la-empresa\/\",\"url\":\"https:\/\/www.grupodcc3000.com\/asociado\/comercialcallense\/la-empresa\/\",\"name\":\"La empresa - Comercial Callense\",\"isPartOf\":{\"@id\":\"https:\/\/www.grupodcc3000.com\/asociado\/comercialcallense\/#website\"},\"datePublished\":\"2018-11-14T10:36:29+00:00\",\"dateModified\":\"2019-10-22T10:34:17+00:00\",\"breadcrumb\":{\"@id\":\"https:\/\/www.grupodcc3000.com\/asociado\/comercialcallense\/la-empresa\/#breadcrumb\"},\"inLanguage\":\"es\",\"potentialAction\":[{\"@type\":\"ReadAction\",\"target\":[\"https:\/\/www.grupodcc3000.com\/asociado\/comercialcallense\/la-empresa\/\"]}]},{\"@type\":\"BreadcrumbList\",\"@id\":\"https:\/\/www.grupodcc3000.com\/asociado\/comercialcallense\/la-empresa\/#breadcrumb\",\"itemListElement\":[{\"@type\":\"ListItem\",\"position\":1,\"name\":\"Portada\",\"item\":\"https:\/\/www.grupodcc3000.com\/asociado\/comercialcallense\/\"},{\"@type\":\"ListItem\",\"position\":2,\"name\":\"La empresa\"}]},{\"@type\":\"WebSite\",\"@id\":\"https:\/\/www.grupodcc3000.com\/asociado\/comercialcallense\/#website\",\"url\":\"https:\/\/www.grupodcc3000.com\/asociado\/comercialcallense\/\",\"name\":\"Comercial Callense\",\"description\":\"Otro sitio m\u00e1s de Asociados GrupoDCC3000\",\"potentialAction\":[{\"@type\":\"SearchAction\",\"target\":{\"@type\":\"EntryPoint\",\"urlTemplate\":\"https:\/\/www.grupodcc3000.com\/asociado\/comercialcallense\/?s={search_term_string}\"},\"query-input\":{\"@type\":\"PropertyValueSpecification\",\"valueRequired\":true,\"valueName\":\"search_term_string\"}}],\"inLanguage\":\"es\"}]}<\/script>\n<!-- \/ Yoast SEO plugin. -->","yoast_head_json":{"title":"La empresa - Comercial Callense","robots":{"index":"index","follow":"follow","max-snippet":"max-snippet:-1","max-image-preview":"max-image-preview:large","max-video-preview":"max-video-preview:-1"},"canonical":"https:\/\/www.grupodcc3000.com\/asociado\/comercialcallense\/la-empresa\/","og_locale":"es_ES","og_type":"article","og_title":"La empresa - Comercial Callense","og_description":"EMPRESAMateriales de construcci\u00f3n Comercial Callense es un empresa familiar con m\u00e1s de 50 a\u00f1os de experiencia en este sector, fue fundada por Dolores Orozco Rodr\u00edguez en una cantera de piedra en los a\u00f1os 50, en los 70 pasa a dirigirla su hijo Francisco Hern\u00e1ndez Orozco y desde los a\u00f1os 90 hasta la actualidad sus hijos [&hellip;]","og_url":"https:\/\/www.grupodcc3000.com\/asociado\/comercialcallense\/la-empresa\/","og_site_name":"Comercial Callense","article_modified_time":"2019-10-22T10:34:17+00:00","twitter_card":"summary_large_image","twitter_misc":{"Tiempo de lectura":"3 minutos"},"schema":{"@context":"https:\/\/schema.org","@graph":[{"@type":"WebPage","@id":"https:\/\/www.grupodcc3000.com\/asociado\/comercialcallense\/la-empresa\/","url":"https:\/\/www.grupodcc3000.com\/asociado\/comercialcallense\/la-empresa\/","name":"La empresa - Comercial Callense","isPartOf":{"@id":"https:\/\/www.grupodcc3000.com\/asociado\/comercialcallense\/#website"},"datePublished":"2018-11-14T10:36:29+00:00","dateModified":"2019-10-22T10:34:17+00:00","breadcrumb":{"@id":"https:\/\/www.grupodcc3000.com\/asociado\/comercialcallense\/la-empresa\/#breadcrumb"},"inLanguage":"es","potentialAction":[{"@type":"ReadAction","target":["https:\/\/www.grupodcc3000.com\/asociado\/comercialcallense\/la-empresa\/"]}]},{"@type":"BreadcrumbList","@id":"https:\/\/www.grupodcc3000.com\/asociado\/comercialcallense\/la-empresa\/#breadcrumb","itemListElement":[{"@type":"ListItem","position":1,"name":"Portada","item":"https:\/\/www.grupodcc3000.com\/asociado\/comercialcallense\/"},{"@type":"ListItem","position":2,"name":"La empresa"}]},{"@type":"WebSite","@id":"https:\/\/www.grupodcc3000.com\/asociado\/comercialcallense\/#website","url":"https:\/\/www.grupodcc3000.com\/asociado\/comercialcallense\/","name":"Comercial Callense","description":"Otro sitio m\u00e1s de Asociados GrupoDCC3000","potentialAction":[{"@type":"SearchAction","target":{"@type":"EntryPoint","urlTemplate":"https:\/\/www.grupodcc3000.com\/asociado\/comercialcallense\/?s={search_term_string}"},"query-input":{"@type":"PropertyValueSpecification","valueRequired":true,"valueName":"search_term_string"}}],"inLanguage":"es"}]}},"_links":{"self":[{"href":"https:\/\/www.grupodcc3000.com\/asociado\/comercialcallense\/wp-json\/wp\/v2\/pages\/84","targetHints":{"allow":["GET"]}}],"collection":[{"href":"https:\/\/www.grupodcc3000.com\/asociado\/comercialcallense\/wp-json\/wp\/v2\/pages"}],"about":[{"href":"https:\/\/www.grupodcc3000.com\/asociado\/comercialcallense\/wp-json\/wp\/v2\/types\/page"}],"author":[{"embeddable":true,"href":"https:\/\/www.grupodcc3000.com\/asociado\/comercialcallense\/wp-json\/wp\/v2\/users\/4"}],"replies":[{"embeddable":true,"href":"https:\/\/www.grupodcc3000.com\/asociado\/comercialcallense\/wp-json\/wp\/v2\/comments?post=84"}],"version-history":[{"count":2,"href":"https:\/\/www.grupodcc3000.com\/asociado\/comercialcallense\/wp-json\/wp\/v2\/pages\/84\/revisions"}],"predecessor-version":[{"id":1286,"href":"https:\/\/www.grupodcc3000.com\/asociado\/comercialcallense\/wp-json\/wp\/v2\/pages\/84\/revisions\/1286"}],"wp:attachment":[{"href":"https:\/\/www.grupodcc3000.com\/asociado\/comercialcallense\/wp-json\/wp\/v2\/media?parent=84"}],"curies":[{"name":"wp","href":"https:\/\/api.w.org\/{rel}","templated":true}]}}